{"id":853,"date":"2019-12-17T10:20:30","date_gmt":"2019-12-17T10:20:30","guid":{"rendered":"http:\/\/philosopical-falcon.w5.wpsandbox.pro\/?page_id=6"},"modified":"2026-06-08T12:43:13","modified_gmt":"2026-06-08T15:43:13","slug":"home","status":"publish","type":"page","link":"https:\/\/codigopoliticopy.com\/","title":{"rendered":"Inicio"},"content":{"rendered":"\t\t<div data-elementor-type=\"wp-page\" data-elementor-id=\"853\" class=\"elementor elementor-853\">\n\t\t\t\t\t\t<section class=\"elementor-section elementor-top-section elementor-element elementor-element-78e815e elementor-section-stretched elementor-section-boxed elementor-section-height-default elementor-section-height-default\" data-id=\"78e815e\" data-element_type=\"section\" data-e-type=\"section\" data-settings=\"{&quot;background_background&quot;:&quot;classic&quot;,&quot;stretch_section&quot;:&quot;section-stretched&quot;}\">\n\t\t\t\t\t\t<div class=\"elementor-container elementor-column-gap-default\">\n\t\t\t\t\t<div class=\"elementor-column elementor-col-100 elementor-top-column elementor-element elementor-element-8f9fb4b\" data-id=\"8f9fb4b\" data-element_type=\"column\" data-e-type=\"column\">\n\t\t\t<div class=\"elementor-widget-wrap\">\n\t\t\t\t\t\t\t<\/div>\n\t\t<\/div>\n\t\t\t\t\t<\/div>\n\t\t<\/section>\n\t\t\t\t<section class=\"elementor-section elementor-top-section elementor-element elementor-element-ecede4d elementor-section-boxed elementor-section-height-default elementor-section-height-default\" data-id=\"ecede4d\" data-element_type=\"section\" data-e-type=\"section\">\n\t\t\t\t\t\t<div class=\"elementor-container elementor-column-gap-default\">\n\t\t\t\t\t<div class=\"elementor-column elementor-col-66 elementor-top-column elementor-element elementor-element-30fbca3\" data-id=\"30fbca3\" data-element_type=\"column\" data-e-type=\"column\">\n\t\t\t<div class=\"elementor-widget-wrap elementor-element-populated\">\n\t\t\t\t\t\t<div class=\"elementor-element elementor-element-a813b27 elementor-widget elementor-widget-posts_carousel_175bf3bb\" data-id=\"a813b27\" data-element_type=\"widget\" data-e-type=\"widget\" data-settings=\"{&quot;slides_to_show&quot;:1,&quot;transition_speed&quot;:900,&quot;autoplay&quot;:&quot;yes&quot;}\" data-widget_type=\"posts_carousel_175bf3bb.default\">\n\t\t\t\t<div class=\"elementor-widget-container\">\n\t\t\t\t\t\t\t<div class=\"swiper pc-175bf3bb-swiper\">\n\t\t\t<div class=\"swiper-wrapper\">\n\t\t\t\t\t\t\t\t\t<div class=\"swiper-slide pc-175bf3bb-slide\">\n\t\t\t\t\t\t<div class=\"pc-175bf3bb-card\">\n\t\t\t\t\t\t\t\t\t\t\t\t\t\t\t<div class=\"pc-175bf3bb-image\">\n\t\t\t\t\t\t\t\t\t<a href=\"https:\/\/codigopoliticopy.com\/?p=6845\">\n\t\t\t\t\t\t\t\t\t\t<img fetchpriority=\"high\" decoding=\"async\" width=\"795\" height=\"582\" src=\"https:\/\/codigopoliticopy.com\/wp-content\/uploads\/2026\/06\/elecciones_tinta_dedo.jpg\" class=\"attachment-large size-large wp-post-image\" alt=\"\" srcset=\"https:\/\/codigopoliticopy.com\/wp-content\/uploads\/2026\/06\/elecciones_tinta_dedo.jpg 795w, https:\/\/codigopoliticopy.com\/wp-content\/uploads\/2026\/06\/elecciones_tinta_dedo-300x220.jpg 300w, https:\/\/codigopoliticopy.com\/wp-content\/uploads\/2026\/06\/elecciones_tinta_dedo-768x562.jpg 768w\" sizes=\"(max-width: 795px) 100vw, 795px\" \/>\t\t\t\t\t\t\t\t\t<\/a>\n\t\t\t\t\t\t\t\t<\/div>\n\t\t\t\t\t\t\t\t\t\t\t\t\t\t<div class=\"pc-175bf3bb-content\">\n\t\t\t\t\t\t\t\t<h3 class=\"pc-175bf3bb-title\">\n\t\t\t\t\t\t\t\t\t<a href=\"https:\/\/codigopoliticopy.com\/?p=6845\">Hoy vence plazo para remitir el padr\u00f3n electoral con miras a las elecciones municipales<\/a>\n\t\t\t\t\t\t\t\t<\/h3>\n\t\t\t\t\t\t\t\t<div class=\"pc-175bf3bb-excerpt\">\n\t\t\t\t\t\t\t\t\tEl calendario electoral no da tregua. Este viernes vence el plazo para la remisi\u00f3n del...\t\t\t\t\t\t\t\t<\/div>\n\t\t\t\t\t\t\t<\/div>\n\t\t\t\t\t\t<\/div>\n\t\t\t\t\t<\/div>\n\t\t\t\t\t\t\t\t\t\t<div class=\"swiper-slide pc-175bf3bb-slide\">\n\t\t\t\t\t\t<div class=\"pc-175bf3bb-card\">\n\t\t\t\t\t\t\t\t\t\t\t\t\t\t\t<div class=\"pc-175bf3bb-image\">\n\t\t\t\t\t\t\t\t\t<a href=\"https:\/\/codigopoliticopy.com\/?p=6843\">\n\t\t\t\t\t\t\t\t\t\t<img decoding=\"async\" width=\"799\" height=\"482\" src=\"https:\/\/codigopoliticopy.com\/wp-content\/uploads\/2026\/08\/huelga_medicos.jpg\" class=\"attachment-large size-large wp-post-image\" alt=\"\" srcset=\"https:\/\/codigopoliticopy.com\/wp-content\/uploads\/2026\/08\/huelga_medicos.jpg 799w, https:\/\/codigopoliticopy.com\/wp-content\/uploads\/2026\/08\/huelga_medicos-300x181.jpg 300w, https:\/\/codigopoliticopy.com\/wp-content\/uploads\/2026\/08\/huelga_medicos-768x463.jpg 768w\" sizes=\"(max-width: 799px) 100vw, 799px\" \/>\t\t\t\t\t\t\t\t\t<\/a>\n\t\t\t\t\t\t\t\t<\/div>\n\t\t\t\t\t\t\t\t\t\t\t\t\t\t<div class=\"pc-175bf3bb-content\">\n\t\t\t\t\t\t\t\t<h3 class=\"pc-175bf3bb-title\">\n\t\t\t\t\t\t\t\t\t<a href=\"https:\/\/codigopoliticopy.com\/?p=6843\">M\u00e9dicos le dicen \u201cno\u201d al Gobierno y la huelga vuelve a golpear la puerta<\/a>\n\t\t\t\t\t\t\t\t<\/h3>\n\t\t\t\t\t\t\t\t<div class=\"pc-175bf3bb-excerpt\">\n\t\t\t\t\t\t\t\t\tLa pulseada entre el Gobierno y los m\u00e9dicos qued\u00f3 nuevamente al rojo vivo. El Sinamed...\t\t\t\t\t\t\t\t<\/div>\n\t\t\t\t\t\t\t<\/div>\n\t\t\t\t\t\t<\/div>\n\t\t\t\t\t<\/div>\n\t\t\t\t\t\t\t\t<\/div>\n\t\t\t<div class=\"swiper-pagination pc-175bf3bb-pagination\"><\/div>\n\t\t\t<div class=\"swiper-button-prev pc-175bf3bb-button-prev\"><\/div>\n\t\t\t<div class=\"swiper-button-next pc-175bf3bb-button-next\"><\/div>\n\t\t<\/div>\n\t\t\t\t\t\t<\/div>\n\t\t\t\t<\/div>\n\t\t\t\t<div class=\"elementor-element elementor-element-34bb41d elementor-widget elementor-widget-ColorMag-Posts-Block-1\" data-id=\"34bb41d\" data-element_type=\"widget\" data-e-type=\"widget\" data-widget_type=\"ColorMag-Posts-Block-1.default\">\n\t\t\t\t<div class=\"elementor-widget-container\">\n\t\t\t\t\t\n\t\t<div class=\"tg-module-block tg-module-block--style-1 tg-module-wrapper\">\n\t\t\t\n\t\t<div class=\"tg-module-title-wrap\">\n\t\t\t<h4 class=\"module-title\">\n\t\t\t\t<span>CONGRESO<\/span>\n\t\t\t<\/h4>\n\t\t<\/div>\n\n\t\t\n\t\t\t<div class=\"tg-row\">\n\t\t\t\t\t\t\t\t\t<div class=\"tg-col-control\">\n\t\t\t\t\t\t<div class=\"tg_module_block tg-first-block\">\n\t\t\t\t\t\t\t\t\t\t\t\t\t\t\t\t\t\t\t\t\t\t\t\t\t\t\t\t\t\t\t\t<figure class=\"tg-module-thumb\">\n\t\t\t\t\t\t\t\t\t\t\t\t<a href=\"https:\/\/codigopoliticopy.com\/?p=6837\" class=\"tg-thumb-link\">\n\t\t\t<img decoding=\"async\" width=\"799\" height=\"423\" src=\"https:\/\/codigopoliticopy.com\/wp-content\/uploads\/2026\/09\/mesa_directiva_diputados.jpeg\" class=\"attachment-colormag-featured-image size-colormag-featured-image wp-post-image\" alt=\"\" srcset=\"https:\/\/codigopoliticopy.com\/wp-content\/uploads\/2026\/09\/mesa_directiva_diputados.jpeg 799w, https:\/\/codigopoliticopy.com\/wp-content\/uploads\/2026\/09\/mesa_directiva_diputados-300x159.jpeg 300w, https:\/\/codigopoliticopy.com\/wp-content\/uploads\/2026\/09\/mesa_directiva_diputados-768x407.jpeg 768w, https:\/\/codigopoliticopy.com\/wp-content\/uploads\/2026\/09\/mesa_directiva_diputados-390x205.jpeg 390w\" sizes=\"(max-width: 799px) 100vw, 799px\" \/>\t\t<\/a>\n\t\t<div class=\"tg-post-categories\"><a href=\"https:\/\/codigopoliticopy.com\/?cat=3\" style=\"background:#0a0a00\" class=\"tg-post-category\" rel=\"category tag\">Diputados<\/a>&nbsp;<a href=\"https:\/\/codigopoliticopy.com\/?cat=96\" class=\"tg-post-category\" rel=\"category tag\">Congreso<\/a>&nbsp;<a href=\"https:\/\/codigopoliticopy.com\/?cat=89\" class=\"tg-post-category\" rel=\"category tag\">Noticias Destacadas<\/a>&nbsp;<\/div>\t\t\t\t\t\t\t\t<\/figure>\n\t\t\t\t\t\t\t\t\t\t\t\t\t\t\t\t\t\t\t\t\t\t\t\n\t\t\t\t\t\t\t\t\n\t\t\t\t\t\t\t\t\t\t\t\t\t\t\t\t\t\t\t\t\t\t\t\t\t\t\t\t\t\t\t\t\t\t\t\t\t\t\t\t\t\t<h3 class=\"tg-module-title entry-title\">\n\t\t\t<a href=\"https:\/\/codigopoliticopy.com\/?p=6837\">Diputados analiza endurecer sanciones por ausencias y llegadas tard\u00edas de legisladores<\/a>\n\t\t<\/h3>\n\t\t\t\t\t\t\t\t\t\t\n\t\t\t\t\t\t\t\t\n\t\t\t\t\t\t\t\t\t\t\t\t\t\t\t\t\t\t\t\t\t\t\t\t\t\t\t\t\t\t\t\n\t\t\t\t\t\t\t\t\t\t\t\t\t\t\t\t\t\n\t\t<div class=\"tg-module-meta\">\n\t\t\t\n\t\t\t<span class=\"tg-post-date entry-date\">\n\t\t\t\t<a href=\"https:\/\/codigopoliticopy.com\/?p=6837\" rel=\"bookmark\"><time class=\"entry-date published updated\" datetime=\"2026-09-02T19:03:17-03:00\">septiembre 2, 2026<\/time><\/a>\t\t\t<\/span>\n\n\t\t\t<span class=\"tg-post-auther-name author vcard\">\n\t\t\t\t<a class=\"url fn n\" href=\"https:\/\/codigopoliticopy.com\/author\/codigopolitico\">M C<\/a>\t\t\t<\/span>\n\n\t\t\t\t\t\t\t<span class=\"tg-module-comments\">\n\t\t\t\t\t<a href=\"https:\/\/codigopoliticopy.com\/?p=6837#respond\">0<\/a>\t\t\t\t<\/span>\n\t\t\t\t\t<\/div>\n\n\t\t\t\t\t\t\t\t\t\t\n\t\t\t\t\t\t\t\t\t\t\t\t\t\t\t\t\t\t\t\t\t\t\t\t\t\t\t\t\t\t\t\n\t\t\t\t\t\t\t\t\n\t\t\t\t\t\t\t\t\t\t\t\t\t\t\t\t\t<div class=\"tg-expert entry-content\">\n\t\t\t\t\t\t\t\t\t\t<p>La Mesa Directiva de la C\u00e1mara de Diputados analiza modificar el Reglamento Interno para establecer medidas m\u00e1s efectivas contra las<\/p>\n\t\t\t\t\t\t\t\t\t<\/div>\n\t\t\t\t\t\t\t\t\t\t\t\t\t\t\t\t\t\t\t\t\t<\/div>\n\t\t\t\t\t<\/div>\n\t\t\t\t\t\t\n\t\t\t\t\t\t\t\t\t<div class=\"tg-col-control tg-two-block\">\n\t\t\t\t\t\n\t\t\t\t\t\t\t\t\t\t\t<div class=\"tg_module_block tg_module_block--list-small\">\n\t\t\t\t\t\t\t\t\t\t\t\t\t\t\t\t\t\t\t\t\t\t\t<figure class=\"tg-module-thumb\">\n\t\t\t\t\t\t\t\t\t\t\t<a href=\"https:\/\/codigopoliticopy.com\/?p=6829\" class=\"tg-thumb-link\">\n\t\t\t<img loading=\"lazy\" decoding=\"async\" width=\"130\" height=\"90\" src=\"https:\/\/codigopoliticopy.com\/wp-content\/uploads\/2026\/09\/estacion_de_servicio_combustible-130x90.png\" class=\"attachment-colormag-featured-post-small size-colormag-featured-post-small wp-post-image\" alt=\"\" srcset=\"https:\/\/codigopoliticopy.com\/wp-content\/uploads\/2026\/09\/estacion_de_servicio_combustible-130x90.png 130w, https:\/\/codigopoliticopy.com\/wp-content\/uploads\/2026\/09\/estacion_de_servicio_combustible-392x272.png 392w, https:\/\/codigopoliticopy.com\/wp-content\/uploads\/2026\/09\/estacion_de_servicio_combustible-600x417.png 600w\" sizes=\"(max-width: 130px) 100vw, 130px\" \/>\t\t<\/a>\n\t\t\t\t\t\t\t\t\t\t<\/figure>\n\t\t\t\t\t\t\t\t\t\t\t\t\t\n\t\t\t\t\t\t\t<div class=\"tg-module-info\">\n\t\t\t\t\t\t\t\t\t\t<h3 class=\"tg-module-title entry-title\">\n\t\t\t<a href=\"https:\/\/codigopoliticopy.com\/?p=6829\">Senado debate proyecto para transparentar costos y precios de los combustibles<\/a>\n\t\t<\/h3>\n\t\t\n\t\t<div class=\"tg-module-meta\">\n\t\t\t\n\t\t\t<span class=\"tg-post-date entry-date\">\n\t\t\t\t<a href=\"https:\/\/codigopoliticopy.com\/?p=6829\" rel=\"bookmark\"><time class=\"entry-date published\" datetime=\"2026-09-02T07:44:46-03:00\">septiembre 2, 2026<\/time><time class=\"updated\" datetime=\"2026-09-02T07:45:38-03:00\">septiembre 2, 2026<\/time><\/a>\t\t\t<\/span>\n\n\t\t\t<span class=\"tg-post-auther-name author vcard\">\n\t\t\t\t<a class=\"url fn n\" href=\"https:\/\/codigopoliticopy.com\/author\/codigopolitico\">M C<\/a>\t\t\t<\/span>\n\n\t\t\t\t\t\t\t<span class=\"tg-module-comments\">\n\t\t\t\t\t<a href=\"https:\/\/codigopoliticopy.com\/?p=6829#respond\">0<\/a>\t\t\t\t<\/span>\n\t\t\t\t\t<\/div>\n\n\t\t\t\t\t\t\t\t\t<\/div>\n\t\t\t\t\t\t<\/div>\n\t\t\t\t\t\t\n\t\t\t\t\t\t\t\t\t\t\t<div class=\"tg_module_block tg_module_block--list-small\">\n\t\t\t\t\t\t\t\t\t\t\t\t\t\t\t\t\t\t\t\t\t\t\t<figure class=\"tg-module-thumb\">\n\t\t\t\t\t\t\t\t\t\t\t<a href=\"https:\/\/codigopoliticopy.com\/?p=6827\" class=\"tg-thumb-link\">\n\t\t\t<img loading=\"lazy\" decoding=\"async\" width=\"130\" height=\"90\" src=\"https:\/\/codigopoliticopy.com\/wp-content\/uploads\/2026\/07\/senado_pleno_julio-130x90.jpg\" class=\"attachment-colormag-featured-post-small size-colormag-featured-post-small wp-post-image\" alt=\"\" srcset=\"https:\/\/codigopoliticopy.com\/wp-content\/uploads\/2026\/07\/senado_pleno_julio-130x90.jpg 130w, https:\/\/codigopoliticopy.com\/wp-content\/uploads\/2026\/07\/senado_pleno_julio-392x272.jpg 392w, https:\/\/codigopoliticopy.com\/wp-content\/uploads\/2026\/07\/senado_pleno_julio-600x417.jpg 600w\" sizes=\"(max-width: 130px) 100vw, 130px\" \/>\t\t<\/a>\n\t\t\t\t\t\t\t\t\t\t<\/figure>\n\t\t\t\t\t\t\t\t\t\t\t\t\t\n\t\t\t\t\t\t\t<div class=\"tg-module-info\">\n\t\t\t\t\t\t\t\t\t\t<h3 class=\"tg-module-title entry-title\">\n\t\t\t<a href=\"https:\/\/codigopoliticopy.com\/?p=6827\">Senado se prepara para una sesi\u00f3n con pagar\u00e9s, combustibles y seguros en el centro de la pelea<\/a>\n\t\t<\/h3>\n\t\t\n\t\t<div class=\"tg-module-meta\">\n\t\t\t\n\t\t\t<span class=\"tg-post-date entry-date\">\n\t\t\t\t<a href=\"https:\/\/codigopoliticopy.com\/?p=6827\" rel=\"bookmark\"><time class=\"entry-date published updated\" datetime=\"2026-09-02T07:09:52-03:00\">septiembre 2, 2026<\/time><\/a>\t\t\t<\/span>\n\n\t\t\t<span class=\"tg-post-auther-name author vcard\">\n\t\t\t\t<a class=\"url fn n\" href=\"https:\/\/codigopoliticopy.com\/author\/codigopolitico\">M C<\/a>\t\t\t<\/span>\n\n\t\t\t\t\t\t\t<span class=\"tg-module-comments\">\n\t\t\t\t\t<a href=\"https:\/\/codigopoliticopy.com\/?p=6827#respond\">0<\/a>\t\t\t\t<\/span>\n\t\t\t\t\t<\/div>\n\n\t\t\t\t\t\t\t\t\t<\/div>\n\t\t\t\t\t\t<\/div>\n\t\t\t\t\t\t\n\t\t\t\t\t\t\t\t\t\t\t<div class=\"tg_module_block tg_module_block--list-small\">\n\t\t\t\t\t\t\t\t\t\t\t\t\t\t\t\t\t\t\t\t\t\t\t<figure class=\"tg-module-thumb\">\n\t\t\t\t\t\t\t\t\t\t\t<a href=\"https:\/\/codigopoliticopy.com\/?p=6820\" class=\"tg-thumb-link\">\n\t\t\t<img loading=\"lazy\" decoding=\"async\" width=\"130\" height=\"90\" src=\"https:\/\/codigopoliticopy.com\/wp-content\/uploads\/2026\/08\/oscar_lovera_mef-130x90.jpg\" class=\"attachment-colormag-featured-post-small size-colormag-featured-post-small wp-post-image\" alt=\"\" srcset=\"https:\/\/codigopoliticopy.com\/wp-content\/uploads\/2026\/08\/oscar_lovera_mef-130x90.jpg 130w, https:\/\/codigopoliticopy.com\/wp-content\/uploads\/2026\/08\/oscar_lovera_mef-392x272.jpg 392w, https:\/\/codigopoliticopy.com\/wp-content\/uploads\/2026\/08\/oscar_lovera_mef-600x417.jpg 600w\" sizes=\"(max-width: 130px) 100vw, 130px\" \/>\t\t<\/a>\n\t\t\t\t\t\t\t\t\t\t<\/figure>\n\t\t\t\t\t\t\t\t\t\t\t\t\t\n\t\t\t\t\t\t\t<div class=\"tg-module-info\">\n\t\t\t\t\t\t\t\t\t\t<h3 class=\"tg-module-title entry-title\">\n\t\t\t<a href=\"https:\/\/codigopoliticopy.com\/?p=6820\">Ejecutivo presenta hoy el PGN 2027 y abre el debate sobre el gasto p\u00fablico<\/a>\n\t\t<\/h3>\n\t\t\n\t\t<div class=\"tg-module-meta\">\n\t\t\t\n\t\t\t<span class=\"tg-post-date entry-date\">\n\t\t\t\t<a href=\"https:\/\/codigopoliticopy.com\/?p=6820\" rel=\"bookmark\"><time class=\"entry-date published\" datetime=\"2026-09-01T07:47:14-03:00\">septiembre 1, 2026<\/time><time class=\"updated\" datetime=\"2026-09-01T07:47:35-03:00\">septiembre 1, 2026<\/time><\/a>\t\t\t<\/span>\n\n\t\t\t<span class=\"tg-post-auther-name author vcard\">\n\t\t\t\t<a class=\"url fn n\" href=\"https:\/\/codigopoliticopy.com\/author\/codigopolitico\">M C<\/a>\t\t\t<\/span>\n\n\t\t\t\t\t\t\t<span class=\"tg-module-comments\">\n\t\t\t\t\t<a href=\"https:\/\/codigopoliticopy.com\/?p=6820#respond\">0<\/a>\t\t\t\t<\/span>\n\t\t\t\t\t<\/div>\n\n\t\t\t\t\t\t\t\t\t<\/div>\n\t\t\t\t\t\t<\/div>\n\t\t\t\t\t\t\n\t\t\t\t\t\t\t\t\t\t\t<div class=\"tg_module_block tg_module_block--list-small\">\n\t\t\t\t\t\t\t\t\t\t\t\t\t\t\t\t\t\t\t\t\t\t\t<figure class=\"tg-module-thumb\">\n\t\t\t\t\t\t\t\t\t\t\t<a href=\"https:\/\/codigopoliticopy.com\/?p=6818\" class=\"tg-thumb-link\">\n\t\t\t<img loading=\"lazy\" decoding=\"async\" width=\"130\" height=\"90\" src=\"https:\/\/codigopoliticopy.com\/wp-content\/uploads\/2026\/07\/dionisio_amarilla_cp_1-130x90.png\" class=\"attachment-colormag-featured-post-small size-colormag-featured-post-small wp-post-image\" alt=\"\" srcset=\"https:\/\/codigopoliticopy.com\/wp-content\/uploads\/2026\/07\/dionisio_amarilla_cp_1-130x90.png 130w, https:\/\/codigopoliticopy.com\/wp-content\/uploads\/2026\/07\/dionisio_amarilla_cp_1-392x272.png 392w, https:\/\/codigopoliticopy.com\/wp-content\/uploads\/2026\/07\/dionisio_amarilla_cp_1-600x417.png 600w\" sizes=\"(max-width: 130px) 100vw, 130px\" \/>\t\t<\/a>\n\t\t\t\t\t\t\t\t\t\t<\/figure>\n\t\t\t\t\t\t\t\t\t\t\t\t\t\n\t\t\t\t\t\t\t<div class=\"tg-module-info\">\n\t\t\t\t\t\t\t\t\t\t<h3 class=\"tg-module-title entry-title\">\n\t\t\t<a href=\"https:\/\/codigopoliticopy.com\/?p=6818\">Amarilla pide una matriz salarial \u00fanica para ordenar el sistema de salud<\/a>\n\t\t<\/h3>\n\t\t\n\t\t<div class=\"tg-module-meta\">\n\t\t\t\n\t\t\t<span class=\"tg-post-date entry-date\">\n\t\t\t\t<a href=\"https:\/\/codigopoliticopy.com\/?p=6818\" rel=\"bookmark\"><time class=\"entry-date published\" datetime=\"2026-08-31T09:21:28-03:00\">agosto 31, 2026<\/time><time class=\"updated\" datetime=\"2026-08-31T09:22:47-03:00\">agosto 31, 2026<\/time><\/a>\t\t\t<\/span>\n\n\t\t\t<span class=\"tg-post-auther-name author vcard\">\n\t\t\t\t<a class=\"url fn n\" href=\"https:\/\/codigopoliticopy.com\/author\/codigopolitico\">M C<\/a>\t\t\t<\/span>\n\n\t\t\t\t\t\t\t<span class=\"tg-module-comments\">\n\t\t\t\t\t<a href=\"https:\/\/codigopoliticopy.com\/?p=6818#respond\">0<\/a>\t\t\t\t<\/span>\n\t\t\t\t\t<\/div>\n\n\t\t\t\t\t\t\t\t\t<\/div>\n\t\t\t\t\t\t<\/div>\n\t\t\t\t\t\t\n\t\t\t\t\t\t\t\t\t\t\t<div class=\"tg_module_block tg_module_block--list-small\">\n\t\t\t\t\t\t\t\t\t\t\t\t\t\t\t\t\t\t\t\t\t\t\t<figure class=\"tg-module-thumb\">\n\t\t\t\t\t\t\t\t\t\t\t<a href=\"https:\/\/codigopoliticopy.com\/?p=6816\" class=\"tg-thumb-link\">\n\t\t\t<img loading=\"lazy\" decoding=\"async\" width=\"130\" height=\"90\" src=\"https:\/\/codigopoliticopy.com\/wp-content\/uploads\/2026\/06\/ips_fachada-130x90.jpg\" class=\"attachment-colormag-featured-post-small size-colormag-featured-post-small wp-post-image\" alt=\"\" srcset=\"https:\/\/codigopoliticopy.com\/wp-content\/uploads\/2026\/06\/ips_fachada-130x90.jpg 130w, https:\/\/codigopoliticopy.com\/wp-content\/uploads\/2026\/06\/ips_fachada-392x272.jpg 392w, https:\/\/codigopoliticopy.com\/wp-content\/uploads\/2026\/06\/ips_fachada-600x417.jpg 600w\" sizes=\"(max-width: 130px) 100vw, 130px\" \/>\t\t<\/a>\n\t\t\t\t\t\t\t\t\t\t<\/figure>\n\t\t\t\t\t\t\t\t\t\t\t\t\t\n\t\t\t\t\t\t\t<div class=\"tg-module-info\">\n\t\t\t\t\t\t\t\t\t\t<h3 class=\"tg-module-title entry-title\">\n\t\t\t<a href=\"https:\/\/codigopoliticopy.com\/?p=6816\">Comisi\u00f3n investigadora del IPS sigue pendiente de conformaci\u00f3n en el Senado<\/a>\n\t\t<\/h3>\n\t\t\n\t\t<div class=\"tg-module-meta\">\n\t\t\t\n\t\t\t<span class=\"tg-post-date entry-date\">\n\t\t\t\t<a href=\"https:\/\/codigopoliticopy.com\/?p=6816\" rel=\"bookmark\"><time class=\"entry-date published updated\" datetime=\"2026-08-31T09:00:10-03:00\">agosto 31, 2026<\/time><\/a>\t\t\t<\/span>\n\n\t\t\t<span class=\"tg-post-auther-name author vcard\">\n\t\t\t\t<a class=\"url fn n\" href=\"https:\/\/codigopoliticopy.com\/author\/codigopolitico\">M C<\/a>\t\t\t<\/span>\n\n\t\t\t\t\t\t\t<span class=\"tg-module-comments\">\n\t\t\t\t\t<a href=\"https:\/\/codigopoliticopy.com\/?p=6816#respond\">0<\/a>\t\t\t\t<\/span>\n\t\t\t\t\t<\/div>\n\n\t\t\t\t\t\t\t\t\t<\/div>\n\t\t\t\t\t\t<\/div>\n\t\t\t\t\t\t\t\t\t\t<\/div>\n\t\t\t\t\t\t\t\t<\/div>\n\t\t<\/div>\n\n\t\t\t\t\t\t<\/div>\n\t\t\t\t<\/div>\n\t\t\t\t\t<\/div>\n\t\t<\/div>\n\t\t\t\t<div class=\"elementor-column elementor-col-33 elementor-top-column elementor-element elementor-element-875c6cb\" data-id=\"875c6cb\" data-element_type=\"column\" data-e-type=\"column\">\n\t\t\t<div class=\"elementor-widget-wrap elementor-element-populated\">\n\t\t\t\t\t\t<div class=\"elementor-element elementor-element-3e2309f elementor-widget elementor-widget-ColorMag-Posts-Block-6\" data-id=\"3e2309f\" data-element_type=\"widget\" data-e-type=\"widget\" data-widget_type=\"ColorMag-Posts-Block-6.default\">\n\t\t\t\t<div class=\"elementor-widget-container\">\n\t\t\t\t\t\n\t\t<div class=\"tg-module-block tg-module-block--style-6 tg-module-wrapper\">\n\t\t\t\n\t\t<div class=\"tg-module-title-wrap\">\n\t\t\t<h4 class=\"module-title\">\n\t\t\t\t<span>TEMAS DEL MOMENTO<\/span>\n\t\t\t<\/h4>\n\t\t<\/div>\n\n\t\t\n\t\t\t<div class=\"tg-row\">\n\t\t\t\t\n\t\t\t\t\t<div class=\"tg_module_block tg_module_block--list-small tg-col-control tg-two-block\">\n\t\t\t\t\t\t\t\t\t\t\t\t\t\t\t\t\t\t<figure class=\"tg-module-thumb\">\n\t\t\t\t\t\t\t\t\t\t<a href=\"https:\/\/codigopoliticopy.com\/?p=6845\" class=\"tg-thumb-link\">\n\t\t\t<img loading=\"lazy\" decoding=\"async\" width=\"130\" height=\"90\" src=\"https:\/\/codigopoliticopy.com\/wp-content\/uploads\/2026\/06\/elecciones_tinta_dedo-130x90.jpg\" class=\"attachment-colormag-featured-post-small size-colormag-featured-post-small wp-post-image\" alt=\"\" srcset=\"https:\/\/codigopoliticopy.com\/wp-content\/uploads\/2026\/06\/elecciones_tinta_dedo-130x90.jpg 130w, https:\/\/codigopoliticopy.com\/wp-content\/uploads\/2026\/06\/elecciones_tinta_dedo-392x272.jpg 392w, https:\/\/codigopoliticopy.com\/wp-content\/uploads\/2026\/06\/elecciones_tinta_dedo-600x417.jpg 600w\" sizes=\"(max-width: 130px) 100vw, 130px\" \/>\t\t<\/a>\n\t\t\t\t\t\t\t\t\t<\/figure>\n\t\t\t\t\t\t\t\t\t\t\t\n\t\t\t\t\t\t<div class=\"tg-module-info\">\n\t\t\t\t\t\t\t\t\t<h3 class=\"tg-module-title entry-title\">\n\t\t\t<a href=\"https:\/\/codigopoliticopy.com\/?p=6845\">Hoy vence plazo para remitir el padr\u00f3n electoral con miras a las elecciones municipales<\/a>\n\t\t<\/h3>\n\t\t\n\t\t<div class=\"tg-module-meta\">\n\t\t\t\n\t\t\t<span class=\"tg-post-date entry-date\">\n\t\t\t\t<a href=\"https:\/\/codigopoliticopy.com\/?p=6845\" rel=\"bookmark\"><time class=\"entry-date published\" datetime=\"2026-09-04T08:11:37-03:00\">septiembre 4, 2026<\/time><time class=\"updated\" datetime=\"2026-09-04T08:12:23-03:00\">septiembre 4, 2026<\/time><\/a>\t\t\t<\/span>\n\n\t\t\t<span class=\"tg-post-auther-name author vcard\">\n\t\t\t\t<a class=\"url fn n\" href=\"https:\/\/codigopoliticopy.com\/author\/codigopolitico\">M C<\/a>\t\t\t<\/span>\n\n\t\t\t\t\t\t\t<span class=\"tg-module-comments\">\n\t\t\t\t\t<a href=\"https:\/\/codigopoliticopy.com\/?p=6845#respond\">0<\/a>\t\t\t\t<\/span>\n\t\t\t\t\t<\/div>\n\n\t\t\t\t\t\t\t\t<\/div>\n\t\t\t\t\t<\/div>\n\t\t\t\t\t\n\t\t\t\t\t<div class=\"tg_module_block tg_module_block--list-small tg-col-control tg-two-block\">\n\t\t\t\t\t\t\t\t\t\t\t\t\t\t\t\t\t\t<figure class=\"tg-module-thumb\">\n\t\t\t\t\t\t\t\t\t\t<a href=\"https:\/\/codigopoliticopy.com\/?p=6843\" class=\"tg-thumb-link\">\n\t\t\t<img loading=\"lazy\" decoding=\"async\" width=\"130\" height=\"90\" src=\"https:\/\/codigopoliticopy.com\/wp-content\/uploads\/2026\/08\/huelga_medicos-130x90.jpg\" class=\"attachment-colormag-featured-post-small size-colormag-featured-post-small wp-post-image\" alt=\"\" srcset=\"https:\/\/codigopoliticopy.com\/wp-content\/uploads\/2026\/08\/huelga_medicos-130x90.jpg 130w, https:\/\/codigopoliticopy.com\/wp-content\/uploads\/2026\/08\/huelga_medicos-392x272.jpg 392w, https:\/\/codigopoliticopy.com\/wp-content\/uploads\/2026\/08\/huelga_medicos-600x417.jpg 600w\" sizes=\"(max-width: 130px) 100vw, 130px\" \/>\t\t<\/a>\n\t\t\t\t\t\t\t\t\t<\/figure>\n\t\t\t\t\t\t\t\t\t\t\t\n\t\t\t\t\t\t<div class=\"tg-module-info\">\n\t\t\t\t\t\t\t\t\t<h3 class=\"tg-module-title entry-title\">\n\t\t\t<a href=\"https:\/\/codigopoliticopy.com\/?p=6843\">M\u00e9dicos le dicen \u201cno\u201d al Gobierno y la huelga vuelve a golpear la puerta<\/a>\n\t\t<\/h3>\n\t\t\n\t\t<div class=\"tg-module-meta\">\n\t\t\t\n\t\t\t<span class=\"tg-post-date entry-date\">\n\t\t\t\t<a href=\"https:\/\/codigopoliticopy.com\/?p=6843\" rel=\"bookmark\"><time class=\"entry-date published updated\" datetime=\"2026-09-04T07:35:27-03:00\">septiembre 4, 2026<\/time><\/a>\t\t\t<\/span>\n\n\t\t\t<span class=\"tg-post-auther-name author vcard\">\n\t\t\t\t<a class=\"url fn n\" href=\"https:\/\/codigopoliticopy.com\/author\/codigopolitico\">M C<\/a>\t\t\t<\/span>\n\n\t\t\t\t\t\t\t<span class=\"tg-module-comments\">\n\t\t\t\t\t<a href=\"https:\/\/codigopoliticopy.com\/?p=6843#respond\">0<\/a>\t\t\t\t<\/span>\n\t\t\t\t\t<\/div>\n\n\t\t\t\t\t\t\t\t<\/div>\n\t\t\t\t\t<\/div>\n\t\t\t\t\t\n\t\t\t\t\t<div class=\"tg_module_block tg_module_block--list-small tg-col-control tg-two-block\">\n\t\t\t\t\t\t\t\t\t\t\t\t\t\t\t\t\t\t<figure class=\"tg-module-thumb\">\n\t\t\t\t\t\t\t\t\t\t<a href=\"https:\/\/codigopoliticopy.com\/?p=6841\" class=\"tg-thumb-link\">\n\t\t\t<img loading=\"lazy\" decoding=\"async\" width=\"130\" height=\"90\" src=\"https:\/\/codigopoliticopy.com\/wp-content\/uploads\/2026\/07\/dionisio_amarilla_cp-130x90.jpg\" class=\"attachment-colormag-featured-post-small size-colormag-featured-post-small wp-post-image\" alt=\"\" srcset=\"https:\/\/codigopoliticopy.com\/wp-content\/uploads\/2026\/07\/dionisio_amarilla_cp-130x90.jpg 130w, https:\/\/codigopoliticopy.com\/wp-content\/uploads\/2026\/07\/dionisio_amarilla_cp-392x272.jpg 392w, https:\/\/codigopoliticopy.com\/wp-content\/uploads\/2026\/07\/dionisio_amarilla_cp-600x417.jpg 600w\" sizes=\"(max-width: 130px) 100vw, 130px\" \/>\t\t<\/a>\n\t\t\t\t\t\t\t\t\t<\/figure>\n\t\t\t\t\t\t\t\t\t\t\t\n\t\t\t\t\t\t<div class=\"tg-module-info\">\n\t\t\t\t\t\t\t\t\t<h3 class=\"tg-module-title entry-title\">\n\t\t\t<a href=\"https:\/\/codigopoliticopy.com\/?p=6841\">Dionisio Amarilla desaf\u00eda al BCP por la cesi\u00f3n de carteras morosas de bancos y financieras<\/a>\n\t\t<\/h3>\n\t\t\n\t\t<div class=\"tg-module-meta\">\n\t\t\t\n\t\t\t<span class=\"tg-post-date entry-date\">\n\t\t\t\t<a href=\"https:\/\/codigopoliticopy.com\/?p=6841\" rel=\"bookmark\"><time class=\"entry-date published updated\" datetime=\"2026-09-03T11:39:04-03:00\">septiembre 3, 2026<\/time><\/a>\t\t\t<\/span>\n\n\t\t\t<span class=\"tg-post-auther-name author vcard\">\n\t\t\t\t<a class=\"url fn n\" href=\"https:\/\/codigopoliticopy.com\/author\/codigopolitico\">M C<\/a>\t\t\t<\/span>\n\n\t\t\t\t\t\t\t<span class=\"tg-module-comments\">\n\t\t\t\t\t<a href=\"https:\/\/codigopoliticopy.com\/?p=6841#respond\">0<\/a>\t\t\t\t<\/span>\n\t\t\t\t\t<\/div>\n\n\t\t\t\t\t\t\t\t<\/div>\n\t\t\t\t\t<\/div>\n\t\t\t\t\t\t\t\t<\/div>\n\t\t<\/div>\n\n\t\t\t\t\t\t<\/div>\n\t\t\t\t<\/div>\n\t\t\t\t\t<img loading=\"lazy\" decoding=\"async\" class=\"e-image-base \" data-interaction-id=\"ac09ba0\" id=\"6388\" src=\"https:\/\/codigopoliticopy.com\/wp-content\/uploads\/2026\/06\/publicidad.jpg\" width=\"1024\" height=\"523\" srcset=\"https:\/\/codigopoliticopy.com\/wp-content\/uploads\/2026\/06\/publicidad.jpg 1024w, https:\/\/codigopoliticopy.com\/wp-content\/uploads\/2026\/06\/publicidad-300x153.jpg 300w, https:\/\/codigopoliticopy.com\/wp-content\/uploads\/2026\/06\/publicidad-768x392.jpg 768w\" alt=\"\"\/>\t\t\t\t\t<\/div>\n\t\t<\/div>\n\t\t\t\t\t<\/div>\n\t\t<\/section>\n\t\t\t\t<section class=\"elementor-section elementor-top-section elementor-element elementor-element-1582b10 elementor-section-stretched elementor-section-boxed elementor-section-height-default elementor-section-height-default\" data-id=\"1582b10\" data-element_type=\"section\" data-e-type=\"section\" data-settings=\"{&quot;background_background&quot;:&quot;classic&quot;,&quot;stretch_section&quot;:&quot;section-stretched&quot;}\">\n\t\t\t\t\t\t<div class=\"elementor-container elementor-column-gap-default\">\n\t\t\t\t\t<div class=\"elementor-column elementor-col-100 elementor-top-column elementor-element elementor-element-40ec406\" data-id=\"40ec406\" data-element_type=\"column\" data-e-type=\"column\">\n\t\t\t<div class=\"elementor-widget-wrap elementor-element-populated\">\n\t\t\t\t\t\t\t<img loading=\"lazy\" decoding=\"async\" class=\"e-image-base e-6970ef0-137cfa2\" data-interaction-id=\"6970ef0\" id=\"6381\" src=\"https:\/\/codigopoliticopy.com\/wp-content\/uploads\/2026\/06\/banner1.jpg\" width=\"1024\" height=\"205\" srcset=\"https:\/\/codigopoliticopy.com\/wp-content\/uploads\/2026\/06\/banner1.jpg 1024w, https:\/\/codigopoliticopy.com\/wp-content\/uploads\/2026\/06\/banner1-300x60.jpg 300w, https:\/\/codigopoliticopy.com\/wp-content\/uploads\/2026\/06\/banner1-768x154.jpg 768w\" alt=\"\"\/>\t\t\t\t\t<\/div>\n\t\t<\/div>\n\t\t\t\t\t<\/div>\n\t\t<\/section>\n\t\t\t\t<section class=\"elementor-section elementor-top-section elementor-element elementor-element-a09b9a2 elementor-section-boxed elementor-section-height-default elementor-section-height-default\" data-id=\"a09b9a2\" data-element_type=\"section\" data-e-type=\"section\">\n\t\t\t\t\t\t<div class=\"elementor-container elementor-column-gap-default\">\n\t\t\t\t\t<div class=\"elementor-column elementor-col-66 elementor-top-column elementor-element elementor-element-258ab1e\" data-id=\"258ab1e\" data-element_type=\"column\" data-e-type=\"column\">\n\t\t\t<div class=\"elementor-widget-wrap elementor-element-populated\">\n\t\t\t\t\t\t<div class=\"elementor-element elementor-element-daa460d elementor-widget elementor-widget-ColorMag-Posts-Block-2\" data-id=\"daa460d\" data-element_type=\"widget\" data-e-type=\"widget\" data-widget_type=\"ColorMag-Posts-Block-2.default\">\n\t\t\t\t<div class=\"elementor-widget-container\">\n\t\t\t\t\t\n\t\t<div class=\"tg-module-block tg-module-wrapper tg-module-block--style-2\">\n\t\t\t\n\t\t<div class=\"tg-module-title-wrap\">\n\t\t\t<h4 class=\"module-title\">\n\t\t\t\t<span>EJECUTIVO<\/span>\n\t\t\t<\/h4>\n\t\t<\/div>\n\n\t\t\n\t\t\t<div class=\"tg-row\">\n\t\t\t\t\n\t\t\t\t\t<div class=\"tg-col-control\">\n\t\t\t\t\t\t<div class=\"tg_module_block tg-first-block\">\n\t\t\t\t\t\t\t\t\t\t\t\t\t\t\t\t\t\t\t\t\t\t\t\t\t\t<figure class=\"tg-module-thumb\">\n\t\t\t\t\t\t\t\t\t\t\t<a href=\"https:\/\/codigopoliticopy.com\/?p=6824\" class=\"tg-thumb-link\">\n\t\t\t<img loading=\"lazy\" decoding=\"async\" width=\"392\" height=\"272\" src=\"https:\/\/codigopoliticopy.com\/wp-content\/uploads\/2026\/09\/lovera_mef_pgn-392x272.jpg\" class=\"attachment-colormag-highlighted-post size-colormag-highlighted-post wp-post-image\" alt=\"\" srcset=\"https:\/\/codigopoliticopy.com\/wp-content\/uploads\/2026\/09\/lovera_mef_pgn-392x272.jpg 392w, https:\/\/codigopoliticopy.com\/wp-content\/uploads\/2026\/09\/lovera_mef_pgn-130x90.jpg 130w, https:\/\/codigopoliticopy.com\/wp-content\/uploads\/2026\/09\/lovera_mef_pgn-600x417.jpg 600w\" sizes=\"(max-width: 392px) 100vw, 392px\" \/>\t\t<\/a>\n\t\t<div class=\"tg-post-categories\"><a href=\"https:\/\/codigopoliticopy.com\/?cat=4\" style=\"background:#0a0a00\" class=\"tg-post-category\" rel=\"category tag\">Ejecutivo<\/a>&nbsp;<a href=\"https:\/\/codigopoliticopy.com\/?cat=89\" class=\"tg-post-category\" rel=\"category tag\">Noticias Destacadas<\/a>&nbsp;<\/div>\t\t\t\t\t\t\t\t<\/figure>\n\t\t\t\t\t\t\t\t\n\t\t\t\t\t\t\t\t\t\t\t\t\t\t\t\t\t\t\t\n\t\t\t\t\t\t\t\t\t<h3 class=\"tg-module-title entry-title\">\n\t\t\t<a href=\"https:\/\/codigopoliticopy.com\/?p=6824\">PGN 2027: Ejecutivo proyecta US$ 25.700 millones y un d\u00e9ficit fiscal de 3,9%<\/a>\n\t\t<\/h3>\n\t\t\t\t\t\t\t\t\t\t\t\t\t\t\n\t\t\t\t\t\t\t\n\t\t<div class=\"tg-module-meta\">\n\t\t\t\n\t\t\t<span class=\"tg-post-date entry-date\">\n\t\t\t\t<a href=\"https:\/\/codigopoliticopy.com\/?p=6824\" rel=\"bookmark\"><time class=\"entry-date published\" datetime=\"2026-09-01T09:54:51-03:00\">septiembre 1, 2026<\/time><time class=\"updated\" datetime=\"2026-09-01T09:55:33-03:00\">septiembre 1, 2026<\/time><\/a>\t\t\t<\/span>\n\n\t\t\t<span class=\"tg-post-auther-name author vcard\">\n\t\t\t\t<a class=\"url fn n\" href=\"https:\/\/codigopoliticopy.com\/author\/codigopolitico\">M C<\/a>\t\t\t<\/span>\n\n\t\t\t\t\t\t\t<span class=\"tg-module-comments\">\n\t\t\t\t\t<a href=\"https:\/\/codigopoliticopy.com\/?p=6824#respond\">0<\/a>\t\t\t\t<\/span>\n\t\t\t\t\t<\/div>\n\n\t\t\t\t\t\t\t\t\t\t\t\t\t\t\n\t\t\t\t\t\t\t\n\t\t\t\t\t\t\t<div class=\"tg-expert entry-content\">\n\t\t\t\t\t\t\t\t<p>El Poder Ejecutivo present\u00f3 este martes al Congreso el Proyecto de Presupuesto General de la Naci\u00f3n (PGN) 2027), que contempla<\/p>\n\t\t\t\t\t\t\t<\/div>\n\n\t\t\t\t\t\t<\/div>\n\t\t\t\t\t\t\t\t\t\t\t\t\t\t\t\t\t\t<\/div>\n\n\t\t\t\t\t\n\t\t\t\t\t<div class=\"tg-col-control\">\n\t\t\t\t\t\t<div class=\"tg_module_block tg-first-block\">\n\t\t\t\t\t\t\t\t\t\t\t\t\t\t\t\t\t\t\t\t\t\t\t\t\t\t<figure class=\"tg-module-thumb\">\n\t\t\t\t\t\t\t\t\t\t\t<a href=\"https:\/\/codigopoliticopy.com\/?p=6776\" class=\"tg-thumb-link\">\n\t\t\t<img loading=\"lazy\" decoding=\"async\" width=\"392\" height=\"272\" src=\"https:\/\/codigopoliticopy.com\/wp-content\/uploads\/2026\/08\/santi_cep-392x272.png\" class=\"attachment-colormag-highlighted-post size-colormag-highlighted-post wp-post-image\" alt=\"\" srcset=\"https:\/\/codigopoliticopy.com\/wp-content\/uploads\/2026\/08\/santi_cep-392x272.png 392w, https:\/\/codigopoliticopy.com\/wp-content\/uploads\/2026\/08\/santi_cep-130x90.png 130w, https:\/\/codigopoliticopy.com\/wp-content\/uploads\/2026\/08\/santi_cep-600x417.png 600w\" sizes=\"(max-width: 392px) 100vw, 392px\" \/>\t\t<\/a>\n\t\t<div class=\"tg-post-categories\"><a href=\"https:\/\/codigopoliticopy.com\/?cat=89\" class=\"tg-post-category\" rel=\"category tag\">Noticias Destacadas<\/a>&nbsp;<a href=\"https:\/\/codigopoliticopy.com\/?cat=4\" style=\"background:#0a0a00\" class=\"tg-post-category\" rel=\"category tag\">Ejecutivo<\/a>&nbsp;<\/div>\t\t\t\t\t\t\t\t<\/figure>\n\t\t\t\t\t\t\t\t\n\t\t\t\t\t\t\t\t\t\t\t\t\t\t\t\t\t\t\t\n\t\t\t\t\t\t\t\t\t<h3 class=\"tg-module-title entry-title\">\n\t\t\t<a href=\"https:\/\/codigopoliticopy.com\/?p=6776\">Gobierno y Conferencia Episcopal ponen el foco en salud y sectores vulnerables<\/a>\n\t\t<\/h3>\n\t\t\t\t\t\t\t\t\t\t\t\t\t\t\n\t\t\t\t\t\t\t\n\t\t<div class=\"tg-module-meta\">\n\t\t\t\n\t\t\t<span class=\"tg-post-date entry-date\">\n\t\t\t\t<a href=\"https:\/\/codigopoliticopy.com\/?p=6776\" rel=\"bookmark\"><time class=\"entry-date published\" datetime=\"2026-08-14T20:26:16-03:00\">agosto 14, 2026<\/time><time class=\"updated\" datetime=\"2026-08-14T20:26:51-03:00\">agosto 14, 2026<\/time><\/a>\t\t\t<\/span>\n\n\t\t\t<span class=\"tg-post-auther-name author vcard\">\n\t\t\t\t<a class=\"url fn n\" href=\"https:\/\/codigopoliticopy.com\/author\/codigopolitico\">M C<\/a>\t\t\t<\/span>\n\n\t\t\t\t\t\t\t<span class=\"tg-module-comments\">\n\t\t\t\t\t<a href=\"https:\/\/codigopoliticopy.com\/?p=6776#respond\">0<\/a>\t\t\t\t<\/span>\n\t\t\t\t\t<\/div>\n\n\t\t\t\t\t\t\t\t\t\t\t\t\t\t\n\t\t\t\t\t\t\t\n\t\t\t\t\t\t\t<div class=\"tg-expert entry-content\">\n\t\t\t\t\t\t\t\t<p>El Gobierno y representantes de la Conferencia Episcopal Paraguaya (CEP) mantuvieron este viernes un encuentro en el Seminario Metropolitano para<\/p>\n\t\t\t\t\t\t\t<\/div>\n\n\t\t\t\t\t\t<\/div>\n\t\t\t\t\t\t\t\t\t\t\t\t\t\t\t\t\t\t<\/div>\n\n\t\t\t\t\t\n\t\t\t\t\t<div class=\"tg-col-control\">\n\t\t\t\t\t\t<div class=\"tg_module_block tg-first-block\">\n\t\t\t\t\t\t\t\t\t\t\t\t\t\t\t\t\t\t\t\t\t\t\t\t\t\t<figure class=\"tg-module-thumb\">\n\t\t\t\t\t\t\t\t\t\t\t<a href=\"https:\/\/codigopoliticopy.com\/?p=6763\" class=\"tg-thumb-link\">\n\t\t\t<img loading=\"lazy\" decoding=\"async\" width=\"392\" height=\"272\" src=\"https:\/\/codigopoliticopy.com\/wp-content\/uploads\/2026\/08\/ejecucion_programas_sociales-392x272.jpg\" class=\"attachment-colormag-highlighted-post size-colormag-highlighted-post wp-post-image\" alt=\"\" srcset=\"https:\/\/codigopoliticopy.com\/wp-content\/uploads\/2026\/08\/ejecucion_programas_sociales-392x272.jpg 392w, https:\/\/codigopoliticopy.com\/wp-content\/uploads\/2026\/08\/ejecucion_programas_sociales-130x90.jpg 130w, https:\/\/codigopoliticopy.com\/wp-content\/uploads\/2026\/08\/ejecucion_programas_sociales-600x417.jpg 600w\" sizes=\"(max-width: 392px) 100vw, 392px\" \/>\t\t<\/a>\n\t\t<div class=\"tg-post-categories\"><a href=\"https:\/\/codigopoliticopy.com\/?cat=4\" style=\"background:#0a0a00\" class=\"tg-post-category\" rel=\"category tag\">Ejecutivo<\/a>&nbsp;<a href=\"https:\/\/codigopoliticopy.com\/?cat=89\" class=\"tg-post-category\" rel=\"category tag\">Noticias Destacadas<\/a>&nbsp;<\/div>\t\t\t\t\t\t\t\t<\/figure>\n\t\t\t\t\t\t\t\t\n\t\t\t\t\t\t\t\t\t\t\t\t\t\t\t\t\t\t\t\n\t\t\t\t\t\t\t\t\t<h3 class=\"tg-module-title entry-title\">\n\t\t\t<a href=\"https:\/\/codigopoliticopy.com\/?p=6763\">Administraci\u00f3n Central ejecut\u00f3 \u20b2 39,6 billones y prioriz\u00f3 salarios, jubilaciones y programas sociales<\/a>\n\t\t<\/h3>\n\t\t\t\t\t\t\t\t\t\t\t\t\t\t\n\t\t\t\t\t\t\t\n\t\t<div class=\"tg-module-meta\">\n\t\t\t\n\t\t\t<span class=\"tg-post-date entry-date\">\n\t\t\t\t<a href=\"https:\/\/codigopoliticopy.com\/?p=6763\" rel=\"bookmark\"><time class=\"entry-date published updated\" datetime=\"2026-08-11T10:42:06-03:00\">agosto 11, 2026<\/time><\/a>\t\t\t<\/span>\n\n\t\t\t<span class=\"tg-post-auther-name author vcard\">\n\t\t\t\t<a class=\"url fn n\" href=\"https:\/\/codigopoliticopy.com\/author\/codigopolitico\">M C<\/a>\t\t\t<\/span>\n\n\t\t\t\t\t\t\t<span class=\"tg-module-comments\">\n\t\t\t\t\t<a href=\"https:\/\/codigopoliticopy.com\/?p=6763#respond\">0<\/a>\t\t\t\t<\/span>\n\t\t\t\t\t<\/div>\n\n\t\t\t\t\t\t\t\t\t\t\t\t\t\t\n\t\t\t\t\t\t\t\n\t\t\t\t\t\t\t<div class=\"tg-expert entry-content\">\n\t\t\t\t\t\t\t\t<p>Las entidades de la Administraci\u00f3n Central ejecutaron \u20b2 39,6 billones durante los primeros siete meses de 2026, equivalente al 47%<\/p>\n\t\t\t\t\t\t\t<\/div>\n\n\t\t\t\t\t\t<\/div>\n\t\t\t\t\t\t\t\t\t\t\t\t\t\t\t\t\t\t<\/div>\n\n\t\t\t\t\t\n\t\t\t\t\t<div class=\"tg-col-control\">\n\t\t\t\t\t\t<div class=\"tg_module_block tg-first-block\">\n\t\t\t\t\t\t\t\t\t\t\t\t\t\t\t\t\t\t\t\t\t\t\t\t\t\t<figure class=\"tg-module-thumb\">\n\t\t\t\t\t\t\t\t\t\t\t<a href=\"https:\/\/codigopoliticopy.com\/?p=6746\" class=\"tg-thumb-link\">\n\t\t\t<img loading=\"lazy\" decoding=\"async\" width=\"392\" height=\"272\" src=\"https:\/\/codigopoliticopy.com\/wp-content\/uploads\/2026\/08\/santi_pena_cp_foro-392x272.jpeg\" class=\"attachment-colormag-highlighted-post size-colormag-highlighted-post wp-post-image\" alt=\"\" srcset=\"https:\/\/codigopoliticopy.com\/wp-content\/uploads\/2026\/08\/santi_pena_cp_foro-392x272.jpeg 392w, https:\/\/codigopoliticopy.com\/wp-content\/uploads\/2026\/08\/santi_pena_cp_foro-130x90.jpeg 130w, https:\/\/codigopoliticopy.com\/wp-content\/uploads\/2026\/08\/santi_pena_cp_foro-600x417.jpeg 600w\" sizes=\"(max-width: 392px) 100vw, 392px\" \/>\t\t<\/a>\n\t\t<div class=\"tg-post-categories\"><a href=\"https:\/\/codigopoliticopy.com\/?cat=89\" class=\"tg-post-category\" rel=\"category tag\">Noticias Destacadas<\/a>&nbsp;<a href=\"https:\/\/codigopoliticopy.com\/?cat=4\" style=\"background:#0a0a00\" class=\"tg-post-category\" rel=\"category tag\">Ejecutivo<\/a>&nbsp;<\/div>\t\t\t\t\t\t\t\t<\/figure>\n\t\t\t\t\t\t\t\t\n\t\t\t\t\t\t\t\t\t\t\t\t\t\t\t\t\t\t\t\n\t\t\t\t\t\t\t\t\t<h3 class=\"tg-module-title entry-title\">\n\t\t\t<a href=\"https:\/\/codigopoliticopy.com\/?p=6746\">Pe\u00f1a desaf\u00eda al \u201cno se puede\u201d y llama a construir un Paraguay con mentalidad ganadora<\/a>\n\t\t<\/h3>\n\t\t\t\t\t\t\t\t\t\t\t\t\t\t\n\t\t\t\t\t\t\t\n\t\t<div class=\"tg-module-meta\">\n\t\t\t\n\t\t\t<span class=\"tg-post-date entry-date\">\n\t\t\t\t<a href=\"https:\/\/codigopoliticopy.com\/?p=6746\" rel=\"bookmark\"><time class=\"entry-date published updated\" datetime=\"2026-08-10T19:25:42-03:00\">agosto 10, 2026<\/time><\/a>\t\t\t<\/span>\n\n\t\t\t<span class=\"tg-post-auther-name author vcard\">\n\t\t\t\t<a class=\"url fn n\" href=\"https:\/\/codigopoliticopy.com\/author\/codigopolitico\">M C<\/a>\t\t\t<\/span>\n\n\t\t\t\t\t\t\t<span class=\"tg-module-comments\">\n\t\t\t\t\t<a href=\"https:\/\/codigopoliticopy.com\/?p=6746#respond\">0<\/a>\t\t\t\t<\/span>\n\t\t\t\t\t<\/div>\n\n\t\t\t\t\t\t\t\t\t\t\t\t\t\t\n\t\t\t\t\t\t\t\n\t\t\t\t\t\t\t<div class=\"tg-expert entry-content\">\n\t\t\t\t\t\t\t\t<p>El presidente Santiago Pe\u00f1a encabez\u00f3 este lunes la apertura de la conferencia \u201cParaguay con Mentalidad Ganadora\u201d, desarrollada en el Centro<\/p>\n\t\t\t\t\t\t\t<\/div>\n\n\t\t\t\t\t\t<\/div>\n\t\t\t\t\t\t\t\t\t\t\t\t\t\t\t\t\t\t<\/div>\n\n\t\t\t\t\t\t\t\t<\/div>\n\t\t<\/div>\n\n\t\t\t\t\t\t<\/div>\n\t\t\t\t<\/div>\n\t\t\t\t<div class=\"elementor-element elementor-element-4f81a17 elementor-widget elementor-widget-ColorMag-Posts-Block-1\" data-id=\"4f81a17\" data-element_type=\"widget\" data-e-type=\"widget\" data-widget_type=\"ColorMag-Posts-Block-1.default\">\n\t\t\t\t<div class=\"elementor-widget-container\">\n\t\t\t\t\t\n\t\t<div class=\"tg-module-block tg-module-block--style-1 tg-module-wrapper\">\n\t\t\t\n\t\t<div class=\"tg-module-title-wrap\">\n\t\t\t<h4 class=\"module-title\">\n\t\t\t\t<span>MAPA POL\u00edTICO<\/span>\n\t\t\t<\/h4>\n\t\t<\/div>\n\n\t\t\n\t\t\t<div class=\"tg-row\">\n\t\t\t\t\t\t\t\t\t<div class=\"tg-col-control\">\n\t\t\t\t\t\t<div class=\"tg_module_block tg-first-block\">\n\t\t\t\t\t\t\t\t\t\t\t\t\t\t\t\t\t\t\t\t\t\t\t\t\t\t\t\t\t\t\t\t<figure class=\"tg-module-thumb\">\n\t\t\t\t\t\t\t\t\t\t\t\t<a href=\"https:\/\/codigopoliticopy.com\/?p=6845\" class=\"tg-thumb-link\">\n\t\t\t<img loading=\"lazy\" decoding=\"async\" width=\"795\" height=\"445\" src=\"https:\/\/codigopoliticopy.com\/wp-content\/uploads\/2026\/06\/elecciones_tinta_dedo-795x445.jpg\" class=\"attachment-colormag-featured-image size-colormag-featured-image wp-post-image\" alt=\"\" \/>\t\t<\/a>\n\t\t<div class=\"tg-post-categories\"><a href=\"https:\/\/codigopoliticopy.com\/?cat=5\" style=\"background:#0a0a00\" class=\"tg-post-category\" rel=\"category tag\">Mapa Pol\u00edtico<\/a>&nbsp;<a href=\"https:\/\/codigopoliticopy.com\/?cat=89\" class=\"tg-post-category\" rel=\"category tag\">Noticias Destacadas<\/a>&nbsp;<\/div>\t\t\t\t\t\t\t\t<\/figure>\n\t\t\t\t\t\t\t\t\t\t\t\t\t\t\t\t\t\t\t\t\t\t\t\n\t\t\t\t\t\t\t\t\n\t\t\t\t\t\t\t\t\t\t\t\t\t\t\t\t\t\t\t\t\t\t\t\t\t\t\t\t\t\t\t\t\t\t\t\t\t\t\t\t\t\t<h3 class=\"tg-module-title entry-title\">\n\t\t\t<a href=\"https:\/\/codigopoliticopy.com\/?p=6845\">Hoy vence plazo para remitir el padr\u00f3n electoral con miras a las elecciones municipales<\/a>\n\t\t<\/h3>\n\t\t\t\t\t\t\t\t\t\t\n\t\t\t\t\t\t\t\t\n\t\t\t\t\t\t\t\t\t\t\t\t\t\t\t\t\t\t\t\t\t\t\t\t\t\t\t\t\t\t\t\n\t\t\t\t\t\t\t\t\t\t\t\t\t\t\t\t\t\n\t\t<div class=\"tg-module-meta\">\n\t\t\t\n\t\t\t<span class=\"tg-post-date entry-date\">\n\t\t\t\t<a href=\"https:\/\/codigopoliticopy.com\/?p=6845\" rel=\"bookmark\"><time class=\"entry-date published\" datetime=\"2026-09-04T08:11:37-03:00\">septiembre 4, 2026<\/time><time class=\"updated\" datetime=\"2026-09-04T08:12:23-03:00\">septiembre 4, 2026<\/time><\/a>\t\t\t<\/span>\n\n\t\t\t<span class=\"tg-post-auther-name author vcard\">\n\t\t\t\t<a class=\"url fn n\" href=\"https:\/\/codigopoliticopy.com\/author\/codigopolitico\">M C<\/a>\t\t\t<\/span>\n\n\t\t\t\t\t\t\t<span class=\"tg-module-comments\">\n\t\t\t\t\t<a href=\"https:\/\/codigopoliticopy.com\/?p=6845#respond\">0<\/a>\t\t\t\t<\/span>\n\t\t\t\t\t<\/div>\n\n\t\t\t\t\t\t\t\t\t\t\n\t\t\t\t\t\t\t\t\t\t\t\t\t\t\t\t\t\t\t\t\t\t\t\t\t\t\t\t\t\t\t\n\t\t\t\t\t\t\t\t\n\t\t\t\t\t\t\t\t\t\t\t\t\t\t\t\t\t<div class=\"tg-expert entry-content\">\n\t\t\t\t\t\t\t\t\t\t<p>El calendario electoral no da tregua. Este viernes vence el plazo para la remisi\u00f3n del padr\u00f3n de electores a los<\/p>\n\t\t\t\t\t\t\t\t\t<\/div>\n\t\t\t\t\t\t\t\t\t\t\t\t\t\t\t\t\t\t\t\t\t<\/div>\n\t\t\t\t\t<\/div>\n\t\t\t\t\t\t\n\t\t\t\t\t\t\t\t\t<div class=\"tg-col-control tg-two-block\">\n\t\t\t\t\t\n\t\t\t\t\t\t\t\t\t\t\t<div class=\"tg_module_block tg_module_block--list-small\">\n\t\t\t\t\t\t\t\t\t\t\t\t\t\t\t\t\t\t\t\t\t\t\t<figure class=\"tg-module-thumb\">\n\t\t\t\t\t\t\t\t\t\t\t<a href=\"https:\/\/codigopoliticopy.com\/?p=6843\" class=\"tg-thumb-link\">\n\t\t\t<img loading=\"lazy\" decoding=\"async\" width=\"130\" height=\"90\" src=\"https:\/\/codigopoliticopy.com\/wp-content\/uploads\/2026\/08\/huelga_medicos-130x90.jpg\" class=\"attachment-colormag-featured-post-small size-colormag-featured-post-small wp-post-image\" alt=\"\" srcset=\"https:\/\/codigopoliticopy.com\/wp-content\/uploads\/2026\/08\/huelga_medicos-130x90.jpg 130w, https:\/\/codigopoliticopy.com\/wp-content\/uploads\/2026\/08\/huelga_medicos-392x272.jpg 392w, https:\/\/codigopoliticopy.com\/wp-content\/uploads\/2026\/08\/huelga_medicos-600x417.jpg 600w\" sizes=\"(max-width: 130px) 100vw, 130px\" \/>\t\t<\/a>\n\t\t\t\t\t\t\t\t\t\t<\/figure>\n\t\t\t\t\t\t\t\t\t\t\t\t\t\n\t\t\t\t\t\t\t<div class=\"tg-module-info\">\n\t\t\t\t\t\t\t\t\t\t<h3 class=\"tg-module-title entry-title\">\n\t\t\t<a href=\"https:\/\/codigopoliticopy.com\/?p=6843\">M\u00e9dicos le dicen \u201cno\u201d al Gobierno y la huelga vuelve a golpear la puerta<\/a>\n\t\t<\/h3>\n\t\t\n\t\t<div class=\"tg-module-meta\">\n\t\t\t\n\t\t\t<span class=\"tg-post-date entry-date\">\n\t\t\t\t<a href=\"https:\/\/codigopoliticopy.com\/?p=6843\" rel=\"bookmark\"><time class=\"entry-date published updated\" datetime=\"2026-09-04T07:35:27-03:00\">septiembre 4, 2026<\/time><\/a>\t\t\t<\/span>\n\n\t\t\t<span class=\"tg-post-auther-name author vcard\">\n\t\t\t\t<a class=\"url fn n\" href=\"https:\/\/codigopoliticopy.com\/author\/codigopolitico\">M C<\/a>\t\t\t<\/span>\n\n\t\t\t\t\t\t\t<span class=\"tg-module-comments\">\n\t\t\t\t\t<a href=\"https:\/\/codigopoliticopy.com\/?p=6843#respond\">0<\/a>\t\t\t\t<\/span>\n\t\t\t\t\t<\/div>\n\n\t\t\t\t\t\t\t\t\t<\/div>\n\t\t\t\t\t\t<\/div>\n\t\t\t\t\t\t\n\t\t\t\t\t\t\t\t\t\t\t<div class=\"tg_module_block tg_module_block--list-small\">\n\t\t\t\t\t\t\t\t\t\t\t\t\t\t\t\t\t\t\t\t\t\t\t<figure class=\"tg-module-thumb\">\n\t\t\t\t\t\t\t\t\t\t\t<a href=\"https:\/\/codigopoliticopy.com\/?p=6841\" class=\"tg-thumb-link\">\n\t\t\t<img loading=\"lazy\" decoding=\"async\" width=\"130\" height=\"90\" src=\"https:\/\/codigopoliticopy.com\/wp-content\/uploads\/2026\/07\/dionisio_amarilla_cp-130x90.jpg\" class=\"attachment-colormag-featured-post-small size-colormag-featured-post-small wp-post-image\" alt=\"\" srcset=\"https:\/\/codigopoliticopy.com\/wp-content\/uploads\/2026\/07\/dionisio_amarilla_cp-130x90.jpg 130w, https:\/\/codigopoliticopy.com\/wp-content\/uploads\/2026\/07\/dionisio_amarilla_cp-392x272.jpg 392w, https:\/\/codigopoliticopy.com\/wp-content\/uploads\/2026\/07\/dionisio_amarilla_cp-600x417.jpg 600w\" sizes=\"(max-width: 130px) 100vw, 130px\" \/>\t\t<\/a>\n\t\t\t\t\t\t\t\t\t\t<\/figure>\n\t\t\t\t\t\t\t\t\t\t\t\t\t\n\t\t\t\t\t\t\t<div class=\"tg-module-info\">\n\t\t\t\t\t\t\t\t\t\t<h3 class=\"tg-module-title entry-title\">\n\t\t\t<a href=\"https:\/\/codigopoliticopy.com\/?p=6841\">Dionisio Amarilla desaf\u00eda al BCP por la cesi\u00f3n de carteras morosas de bancos y financieras<\/a>\n\t\t<\/h3>\n\t\t\n\t\t<div class=\"tg-module-meta\">\n\t\t\t\n\t\t\t<span class=\"tg-post-date entry-date\">\n\t\t\t\t<a href=\"https:\/\/codigopoliticopy.com\/?p=6841\" rel=\"bookmark\"><time class=\"entry-date published updated\" datetime=\"2026-09-03T11:39:04-03:00\">septiembre 3, 2026<\/time><\/a>\t\t\t<\/span>\n\n\t\t\t<span class=\"tg-post-auther-name author vcard\">\n\t\t\t\t<a class=\"url fn n\" href=\"https:\/\/codigopoliticopy.com\/author\/codigopolitico\">M C<\/a>\t\t\t<\/span>\n\n\t\t\t\t\t\t\t<span class=\"tg-module-comments\">\n\t\t\t\t\t<a href=\"https:\/\/codigopoliticopy.com\/?p=6841#respond\">0<\/a>\t\t\t\t<\/span>\n\t\t\t\t\t<\/div>\n\n\t\t\t\t\t\t\t\t\t<\/div>\n\t\t\t\t\t\t<\/div>\n\t\t\t\t\t\t\n\t\t\t\t\t\t\t\t\t\t\t<div class=\"tg_module_block tg_module_block--list-small\">\n\t\t\t\t\t\t\t\t\t\t\t\t\t\t\t\t\t\t\t\t\t\t\t<figure class=\"tg-module-thumb\">\n\t\t\t\t\t\t\t\t\t\t\t<a href=\"https:\/\/codigopoliticopy.com\/?p=6802\" class=\"tg-thumb-link\">\n\t\t\t<img loading=\"lazy\" decoding=\"async\" width=\"130\" height=\"90\" src=\"https:\/\/codigopoliticopy.com\/wp-content\/uploads\/2026\/08\/oscar_lovera_mef-130x90.jpg\" class=\"attachment-colormag-featured-post-small size-colormag-featured-post-small wp-post-image\" alt=\"\" srcset=\"https:\/\/codigopoliticopy.com\/wp-content\/uploads\/2026\/08\/oscar_lovera_mef-130x90.jpg 130w, https:\/\/codigopoliticopy.com\/wp-content\/uploads\/2026\/08\/oscar_lovera_mef-392x272.jpg 392w, https:\/\/codigopoliticopy.com\/wp-content\/uploads\/2026\/08\/oscar_lovera_mef-600x417.jpg 600w\" sizes=\"(max-width: 130px) 100vw, 130px\" \/>\t\t<\/a>\n\t\t\t\t\t\t\t\t\t\t<\/figure>\n\t\t\t\t\t\t\t\t\t\t\t\t\t\n\t\t\t\t\t\t\t<div class=\"tg-module-info\">\n\t\t\t\t\t\t\t\t\t\t<h3 class=\"tg-module-title entry-title\">\n\t\t\t<a href=\"https:\/\/codigopoliticopy.com\/?p=6802\">Lovera enfr\u00eda el reclamo m\u00e9dico: \u201cNo hay condiciones\u201d para aumentar salarios<\/a>\n\t\t<\/h3>\n\t\t\n\t\t<div class=\"tg-module-meta\">\n\t\t\t\n\t\t\t<span class=\"tg-post-date entry-date\">\n\t\t\t\t<a href=\"https:\/\/codigopoliticopy.com\/?p=6802\" rel=\"bookmark\"><time class=\"entry-date published updated\" datetime=\"2026-08-25T11:19:34-03:00\">agosto 25, 2026<\/time><\/a>\t\t\t<\/span>\n\n\t\t\t<span class=\"tg-post-auther-name author vcard\">\n\t\t\t\t<a class=\"url fn n\" href=\"https:\/\/codigopoliticopy.com\/author\/codigopolitico\">M C<\/a>\t\t\t<\/span>\n\n\t\t\t\t\t\t\t<span class=\"tg-module-comments\">\n\t\t\t\t\t<a href=\"https:\/\/codigopoliticopy.com\/?p=6802#respond\">0<\/a>\t\t\t\t<\/span>\n\t\t\t\t\t<\/div>\n\n\t\t\t\t\t\t\t\t\t<\/div>\n\t\t\t\t\t\t<\/div>\n\t\t\t\t\t\t\n\t\t\t\t\t\t\t\t\t\t\t<div class=\"tg_module_block tg_module_block--list-small\">\n\t\t\t\t\t\t\t\t\t\t\t\t\t\t\t\t\t\t\t\t\t\t\t<figure class=\"tg-module-thumb\">\n\t\t\t\t\t\t\t\t\t\t\t<a href=\"https:\/\/codigopoliticopy.com\/?p=6798\" class=\"tg-thumb-link\">\n\t\t\t<img loading=\"lazy\" decoding=\"async\" width=\"130\" height=\"90\" src=\"https:\/\/codigopoliticopy.com\/wp-content\/uploads\/2026\/06\/arnoldo_wiens-130x90.jpeg\" class=\"attachment-colormag-featured-post-small size-colormag-featured-post-small wp-post-image\" alt=\"\" srcset=\"https:\/\/codigopoliticopy.com\/wp-content\/uploads\/2026\/06\/arnoldo_wiens-130x90.jpeg 130w, https:\/\/codigopoliticopy.com\/wp-content\/uploads\/2026\/06\/arnoldo_wiens-392x272.jpeg 392w, https:\/\/codigopoliticopy.com\/wp-content\/uploads\/2026\/06\/arnoldo_wiens-600x417.jpeg 600w\" sizes=\"(max-width: 130px) 100vw, 130px\" \/>\t\t<\/a>\n\t\t\t\t\t\t\t\t\t\t<\/figure>\n\t\t\t\t\t\t\t\t\t\t\t\t\t\n\t\t\t\t\t\t\t<div class=\"tg-module-info\">\n\t\t\t\t\t\t\t\t\t\t<h3 class=\"tg-module-title entry-title\">\n\t\t\t<a href=\"https:\/\/codigopoliticopy.com\/?p=6798\">Metrob\u00fas: C\u00e1mara de Apelaciones de Anticorrupci\u00f3n rechaz\u00f3 recusaci\u00f3n presentada por Wiens.<\/a>\n\t\t<\/h3>\n\t\t\n\t\t<div class=\"tg-module-meta\">\n\t\t\t\n\t\t\t<span class=\"tg-post-date entry-date\">\n\t\t\t\t<a href=\"https:\/\/codigopoliticopy.com\/?p=6798\" rel=\"bookmark\"><time class=\"entry-date published updated\" datetime=\"2026-08-22T14:56:26-03:00\">agosto 22, 2026<\/time><\/a>\t\t\t<\/span>\n\n\t\t\t<span class=\"tg-post-auther-name author vcard\">\n\t\t\t\t<a class=\"url fn n\" href=\"https:\/\/codigopoliticopy.com\/author\/codigopolitico\">M C<\/a>\t\t\t<\/span>\n\n\t\t\t\t\t\t\t<span class=\"tg-module-comments\">\n\t\t\t\t\t<a href=\"https:\/\/codigopoliticopy.com\/?p=6798#respond\">0<\/a>\t\t\t\t<\/span>\n\t\t\t\t\t<\/div>\n\n\t\t\t\t\t\t\t\t\t<\/div>\n\t\t\t\t\t\t<\/div>\n\t\t\t\t\t\t\t\t\t\t<\/div>\n\t\t\t\t\t\t\t\t<\/div>\n\t\t<\/div>\n\n\t\t\t\t\t\t<\/div>\n\t\t\t\t<\/div>\n\t\t\t\t\t<\/div>\n\t\t<\/div>\n\t\t\t\t<div class=\"elementor-column elementor-col-33 elementor-top-column elementor-element elementor-element-a4f9624\" data-id=\"a4f9624\" data-element_type=\"column\" data-e-type=\"column\">\n\t\t\t<div class=\"elementor-widget-wrap\">\n\t\t\t\t\t\t\t<\/div>\n\t\t<\/div>\n\t\t\t\t\t<\/div>\n\t\t<\/section>\n\t\t<div class=\"elementor-element elementor-element-ca97655 e-flex e-con-boxed e-con e-parent\" data-id=\"ca97655\" data-element_type=\"container\" data-e-type=\"container\">\n\t\t\t\t\t<div class=\"e-con-inner\">\n\t\t\t\t\t<\/div>\n\t\t\t\t<\/div>\n\t\t<div class=\"elementor-element elementor-element-dcaff1b e-flex e-con-boxed e-con e-parent\" data-id=\"dcaff1b\" data-element_type=\"container\" data-e-type=\"container\">\n\t\t\t\t\t<div class=\"e-con-inner\">\n\t\t\t\t<div class=\"elementor-element elementor-element-9c6aa3f elementor-widget elementor-widget-posts_carousel_175bf3bb\" data-id=\"9c6aa3f\" data-element_type=\"widget\" data-e-type=\"widget\" data-settings=\"{&quot;transition_speed&quot;:600,&quot;slides_to_show&quot;:3,&quot;autoplay&quot;:&quot;yes&quot;}\" data-widget_type=\"posts_carousel_175bf3bb.default\">\n\t\t\t\t<div class=\"elementor-widget-container\">\n\t\t\t\t\t\t\t<div class=\"swiper pc-175bf3bb-swiper\">\n\t\t\t<div class=\"swiper-wrapper\">\n\t\t\t\t\t\t\t\t\t<div class=\"swiper-slide pc-175bf3bb-slide\">\n\t\t\t\t\t\t<div class=\"pc-175bf3bb-card\">\n\t\t\t\t\t\t\t\t\t\t\t\t\t\t\t<div class=\"pc-175bf3bb-image\">\n\t\t\t\t\t\t\t\t\t<a href=\"https:\/\/codigopoliticopy.com\/?p=6845\">\n\t\t\t\t\t\t\t\t\t\t<img fetchpriority=\"high\" decoding=\"async\" width=\"795\" height=\"582\" src=\"https:\/\/codigopoliticopy.com\/wp-content\/uploads\/2026\/06\/elecciones_tinta_dedo.jpg\" class=\"attachment-large size-large wp-post-image\" alt=\"\" srcset=\"https:\/\/codigopoliticopy.com\/wp-content\/uploads\/2026\/06\/elecciones_tinta_dedo.jpg 795w, https:\/\/codigopoliticopy.com\/wp-content\/uploads\/2026\/06\/elecciones_tinta_dedo-300x220.jpg 300w, https:\/\/codigopoliticopy.com\/wp-content\/uploads\/2026\/06\/elecciones_tinta_dedo-768x562.jpg 768w\" sizes=\"(max-width: 795px) 100vw, 795px\" \/>\t\t\t\t\t\t\t\t\t<\/a>\n\t\t\t\t\t\t\t\t<\/div>\n\t\t\t\t\t\t\t\t\t\t\t\t\t\t<div class=\"pc-175bf3bb-content\">\n\t\t\t\t\t\t\t\t<h3 class=\"pc-175bf3bb-title\">\n\t\t\t\t\t\t\t\t\t<a href=\"https:\/\/codigopoliticopy.com\/?p=6845\">Hoy vence plazo para remitir el padr\u00f3n electoral con miras a las elecciones municipales<\/a>\n\t\t\t\t\t\t\t\t<\/h3>\n\t\t\t\t\t\t\t\t<div class=\"pc-175bf3bb-excerpt\">\n\t\t\t\t\t\t\t\t\tEl calendario electoral no da tregua. Este viernes vence el plazo para la remisi\u00f3n del...\t\t\t\t\t\t\t\t<\/div>\n\t\t\t\t\t\t\t<\/div>\n\t\t\t\t\t\t<\/div>\n\t\t\t\t\t<\/div>\n\t\t\t\t\t\t\t\t\t\t<div class=\"swiper-slide pc-175bf3bb-slide\">\n\t\t\t\t\t\t<div class=\"pc-175bf3bb-card\">\n\t\t\t\t\t\t\t\t\t\t\t\t\t\t\t<div class=\"pc-175bf3bb-image\">\n\t\t\t\t\t\t\t\t\t<a href=\"https:\/\/codigopoliticopy.com\/?p=6843\">\n\t\t\t\t\t\t\t\t\t\t<img decoding=\"async\" width=\"799\" height=\"482\" src=\"https:\/\/codigopoliticopy.com\/wp-content\/uploads\/2026\/08\/huelga_medicos.jpg\" class=\"attachment-large size-large wp-post-image\" alt=\"\" srcset=\"https:\/\/codigopoliticopy.com\/wp-content\/uploads\/2026\/08\/huelga_medicos.jpg 799w, https:\/\/codigopoliticopy.com\/wp-content\/uploads\/2026\/08\/huelga_medicos-300x181.jpg 300w, https:\/\/codigopoliticopy.com\/wp-content\/uploads\/2026\/08\/huelga_medicos-768x463.jpg 768w\" sizes=\"(max-width: 799px) 100vw, 799px\" \/>\t\t\t\t\t\t\t\t\t<\/a>\n\t\t\t\t\t\t\t\t<\/div>\n\t\t\t\t\t\t\t\t\t\t\t\t\t\t<div class=\"pc-175bf3bb-content\">\n\t\t\t\t\t\t\t\t<h3 class=\"pc-175bf3bb-title\">\n\t\t\t\t\t\t\t\t\t<a href=\"https:\/\/codigopoliticopy.com\/?p=6843\">M\u00e9dicos le dicen \u201cno\u201d al Gobierno y la huelga vuelve a golpear la puerta<\/a>\n\t\t\t\t\t\t\t\t<\/h3>\n\t\t\t\t\t\t\t\t<div class=\"pc-175bf3bb-excerpt\">\n\t\t\t\t\t\t\t\t\tLa pulseada entre el Gobierno y los m\u00e9dicos qued\u00f3 nuevamente al rojo vivo. El Sinamed...\t\t\t\t\t\t\t\t<\/div>\n\t\t\t\t\t\t\t<\/div>\n\t\t\t\t\t\t<\/div>\n\t\t\t\t\t<\/div>\n\t\t\t\t\t\t\t\t\t\t<div class=\"swiper-slide pc-175bf3bb-slide\">\n\t\t\t\t\t\t<div class=\"pc-175bf3bb-card\">\n\t\t\t\t\t\t\t\t\t\t\t\t\t\t\t<div class=\"pc-175bf3bb-image\">\n\t\t\t\t\t\t\t\t\t<a href=\"https:\/\/codigopoliticopy.com\/?p=6841\">\n\t\t\t\t\t\t\t\t\t\t<img loading=\"lazy\" decoding=\"async\" width=\"800\" height=\"449\" src=\"https:\/\/codigopoliticopy.com\/wp-content\/uploads\/2026\/07\/dionisio_amarilla_cp.jpg\" class=\"attachment-large size-large wp-post-image\" alt=\"\" srcset=\"https:\/\/codigopoliticopy.com\/wp-content\/uploads\/2026\/07\/dionisio_amarilla_cp.jpg 800w, https:\/\/codigopoliticopy.com\/wp-content\/uploads\/2026\/07\/dionisio_amarilla_cp-300x168.jpg 300w, https:\/\/codigopoliticopy.com\/wp-content\/uploads\/2026\/07\/dionisio_amarilla_cp-768x431.jpg 768w\" sizes=\"(max-width: 800px) 100vw, 800px\" \/>\t\t\t\t\t\t\t\t\t<\/a>\n\t\t\t\t\t\t\t\t<\/div>\n\t\t\t\t\t\t\t\t\t\t\t\t\t\t<div class=\"pc-175bf3bb-content\">\n\t\t\t\t\t\t\t\t<h3 class=\"pc-175bf3bb-title\">\n\t\t\t\t\t\t\t\t\t<a href=\"https:\/\/codigopoliticopy.com\/?p=6841\">Dionisio Amarilla desaf\u00eda al BCP por la cesi\u00f3n de carteras morosas de bancos y financieras<\/a>\n\t\t\t\t\t\t\t\t<\/h3>\n\t\t\t\t\t\t\t\t<div class=\"pc-175bf3bb-excerpt\">\n\t\t\t\t\t\t\t\t\tEl vicepresidente de la C\u00e1mara de Senadores, Dionisio Amarilla, lanz\u00f3 una fuerte advertencia al Banco...\t\t\t\t\t\t\t\t<\/div>\n\t\t\t\t\t\t\t<\/div>\n\t\t\t\t\t\t<\/div>\n\t\t\t\t\t<\/div>\n\t\t\t\t\t\t\t\t\t\t<div class=\"swiper-slide pc-175bf3bb-slide\">\n\t\t\t\t\t\t<div class=\"pc-175bf3bb-card\">\n\t\t\t\t\t\t\t\t\t\t\t\t\t\t\t<div class=\"pc-175bf3bb-image\">\n\t\t\t\t\t\t\t\t\t<a href=\"https:\/\/codigopoliticopy.com\/?p=6837\">\n\t\t\t\t\t\t\t\t\t\t<img loading=\"lazy\" decoding=\"async\" width=\"799\" height=\"423\" src=\"https:\/\/codigopoliticopy.com\/wp-content\/uploads\/2026\/09\/mesa_directiva_diputados.jpeg\" class=\"attachment-large size-large wp-post-image\" alt=\"\" srcset=\"https:\/\/codigopoliticopy.com\/wp-content\/uploads\/2026\/09\/mesa_directiva_diputados.jpeg 799w, https:\/\/codigopoliticopy.com\/wp-content\/uploads\/2026\/09\/mesa_directiva_diputados-300x159.jpeg 300w, https:\/\/codigopoliticopy.com\/wp-content\/uploads\/2026\/09\/mesa_directiva_diputados-768x407.jpeg 768w, https:\/\/codigopoliticopy.com\/wp-content\/uploads\/2026\/09\/mesa_directiva_diputados-390x205.jpeg 390w\" sizes=\"(max-width: 799px) 100vw, 799px\" \/>\t\t\t\t\t\t\t\t\t<\/a>\n\t\t\t\t\t\t\t\t<\/div>\n\t\t\t\t\t\t\t\t\t\t\t\t\t\t<div class=\"pc-175bf3bb-content\">\n\t\t\t\t\t\t\t\t<h3 class=\"pc-175bf3bb-title\">\n\t\t\t\t\t\t\t\t\t<a href=\"https:\/\/codigopoliticopy.com\/?p=6837\">Diputados analiza endurecer sanciones por ausencias y llegadas tard\u00edas de legisladores<\/a>\n\t\t\t\t\t\t\t\t<\/h3>\n\t\t\t\t\t\t\t\t<div class=\"pc-175bf3bb-excerpt\">\n\t\t\t\t\t\t\t\t\tLa Mesa Directiva de la C\u00e1mara de Diputados analiza modificar el Reglamento Interno para establecer...\t\t\t\t\t\t\t\t<\/div>\n\t\t\t\t\t\t\t<\/div>\n\t\t\t\t\t\t<\/div>\n\t\t\t\t\t<\/div>\n\t\t\t\t\t\t\t\t\t\t<div class=\"swiper-slide pc-175bf3bb-slide\">\n\t\t\t\t\t\t<div class=\"pc-175bf3bb-card\">\n\t\t\t\t\t\t\t\t\t\t\t\t\t\t\t<div class=\"pc-175bf3bb-image\">\n\t\t\t\t\t\t\t\t\t<a href=\"https:\/\/codigopoliticopy.com\/?p=6835\">\n\t\t\t\t\t\t\t\t\t\t<img loading=\"lazy\" decoding=\"async\" width=\"800\" height=\"493\" src=\"https:\/\/codigopoliticopy.com\/wp-content\/uploads\/2026\/06\/bachi_nunez_cp.jpeg\" class=\"attachment-large size-large wp-post-image\" alt=\"\" srcset=\"https:\/\/codigopoliticopy.com\/wp-content\/uploads\/2026\/06\/bachi_nunez_cp.jpeg 800w, https:\/\/codigopoliticopy.com\/wp-content\/uploads\/2026\/06\/bachi_nunez_cp-300x185.jpeg 300w, https:\/\/codigopoliticopy.com\/wp-content\/uploads\/2026\/06\/bachi_nunez_cp-768x473.jpeg 768w\" sizes=\"(max-width: 800px) 100vw, 800px\" \/>\t\t\t\t\t\t\t\t\t<\/a>\n\t\t\t\t\t\t\t\t<\/div>\n\t\t\t\t\t\t\t\t\t\t\t\t\t\t<div class=\"pc-175bf3bb-content\">\n\t\t\t\t\t\t\t\t<h3 class=\"pc-175bf3bb-title\">\n\t\t\t\t\t\t\t\t\t<a href=\"https:\/\/codigopoliticopy.com\/?p=6835\">Comisi\u00f3n que investigar\u00e1 al IPS y Salud sigue sin integrarse en el Senado<\/a>\n\t\t\t\t\t\t\t\t<\/h3>\n\t\t\t\t\t\t\t\t<div class=\"pc-175bf3bb-excerpt\">\n\t\t\t\t\t\t\t\t\tEl presidente del Congreso y de la C\u00e1mara de Senadores, Basilio \u201cBachi\u201d N\u00fa\u00f1ez, se\u00f1al\u00f3 que...\t\t\t\t\t\t\t\t<\/div>\n\t\t\t\t\t\t\t<\/div>\n\t\t\t\t\t\t<\/div>\n\t\t\t\t\t<\/div>\n\t\t\t\t\t\t\t\t\t\t<div class=\"swiper-slide pc-175bf3bb-slide\">\n\t\t\t\t\t\t<div class=\"pc-175bf3bb-card\">\n\t\t\t\t\t\t\t\t\t\t\t\t\t\t\t<div class=\"pc-175bf3bb-image\">\n\t\t\t\t\t\t\t\t\t<a href=\"https:\/\/codigopoliticopy.com\/?p=6833\">\n\t\t\t\t\t\t\t\t\t\t<img loading=\"lazy\" decoding=\"async\" width=\"680\" height=\"453\" src=\"https:\/\/codigopoliticopy.com\/wp-content\/uploads\/2026\/06\/pleno_diputados_2026.jpg\" class=\"attachment-large size-large wp-post-image\" alt=\"\" srcset=\"https:\/\/codigopoliticopy.com\/wp-content\/uploads\/2026\/06\/pleno_diputados_2026.jpg 680w, https:\/\/codigopoliticopy.com\/wp-content\/uploads\/2026\/06\/pleno_diputados_2026-300x200.jpg 300w\" sizes=\"(max-width: 680px) 100vw, 680px\" \/>\t\t\t\t\t\t\t\t\t<\/a>\n\t\t\t\t\t\t\t\t<\/div>\n\t\t\t\t\t\t\t\t\t\t\t\t\t\t<div class=\"pc-175bf3bb-content\">\n\t\t\t\t\t\t\t\t<h3 class=\"pc-175bf3bb-title\">\n\t\t\t\t\t\t\t\t\t<a href=\"https:\/\/codigopoliticopy.com\/?p=6833\">Diputados confirma a Camilo Ben\u00edtez y elige a Armindo Torres para la Contralor\u00eda<\/a>\n\t\t\t\t\t\t\t\t<\/h3>\n\t\t\t\t\t\t\t\t<div class=\"pc-175bf3bb-excerpt\">\n\t\t\t\t\t\t\t\t\tLa C\u00e1mara de Diputados defini\u00f3 este martes a las pr\u00f3ximas autoridades de la Contralor\u00eda General...\t\t\t\t\t\t\t\t<\/div>\n\t\t\t\t\t\t\t<\/div>\n\t\t\t\t\t\t<\/div>\n\t\t\t\t\t<\/div>\n\t\t\t\t\t\t\t\t<\/div>\n\t\t\t<div class=\"swiper-pagination pc-175bf3bb-pagination\"><\/div>\n\t\t\t<div class=\"swiper-button-prev pc-175bf3bb-button-prev\"><\/div>\n\t\t\t<div class=\"swiper-button-next pc-175bf3bb-button-next\"><\/div>\n\t\t<\/div>\n\t\t\t\t\t\t<\/div>\n\t\t\t\t<\/div>\n\t\t\t\t\t<\/div>\n\t\t\t\t<\/div>\n\t\t\t\t<\/div>\n\t\t","protected":false},"excerpt":{"rendered":"<p>Nakayama desaf\u00eda al coloradismo y asegura que la oposici\u00f3n puede arrebatar sus principales bastiones El senador Eduardo Nakayama lanz\u00f3 una<\/p>\n","protected":false},"author":1,"featured_media":0,"parent":0,"menu_order":0,"comment_status":"closed","ping_status":"closed","template":"page-templates\/page-builder.php","meta":{"colormag_page_container_layout":"no_sidebar_full_width","colormag_page_sidebar_layout":"no_sidebar","_angie_page":false,"footnotes":""},"class_list":["post-853","page","type-page","status-publish","hentry"],"jetpack_sharing_enabled":true,"_links":{"self":[{"href":"https:\/\/codigopoliticopy.com\/index.php?rest_route=\/wp\/v2\/pages\/853","targetHints":{"allow":["GET"]}}],"collection":[{"href":"https:\/\/codigopoliticopy.com\/index.php?rest_route=\/wp\/v2\/pages"}],"about":[{"href":"https:\/\/codigopoliticopy.com\/index.php?rest_route=\/wp\/v2\/types\/page"}],"author":[{"embeddable":true,"href":"https:\/\/codigopoliticopy.com\/index.php?rest_route=\/wp\/v2\/users\/1"}],"replies":[{"embeddable":true,"href":"https:\/\/codigopoliticopy.com\/index.php?rest_route=%2Fwp%2Fv2%2Fcomments&post=853"}],"version-history":[{"count":130,"href":"https:\/\/codigopoliticopy.com\/index.php?rest_route=\/wp\/v2\/pages\/853\/revisions"}],"predecessor-version":[{"id":6394,"href":"https:\/\/codigopoliticopy.com\/index.php?rest_route=\/wp\/v2\/pages\/853\/revisions\/6394"}],"wp:attachment":[{"href":"https:\/\/codigopoliticopy.com\/index.php?rest_route=%2Fwp%2Fv2%2Fmedia&parent=853"}],"curies":[{"name":"wp","href":"https:\/\/api.w.org\/{rel}","templated":true}]}}